{"id":118,"date":"2025-01-23T17:54:48","date_gmt":"2025-01-23T17:54:48","guid":{"rendered":"https:\/\/loboiberico.org\/?page_id=118"},"modified":"2025-02-03T15:44:38","modified_gmt":"2025-02-03T15:44:38","slug":"parcerias","status":"publish","type":"page","link":"https:\/\/loboiberico.org\/pt\/parcerias\/","title":{"rendered":"Parcerias"},"content":{"rendered":"<p>[et_pb_section fb_built=&#8221;1&#8243; fullwidth=&#8221;on&#8221; next_background_color=&#8221;#ffffff&#8221; _builder_version=&#8221;4.27.4&#8243; _module_preset=&#8221;default&#8221; background_enable_color=&#8221;off&#8221; background_image=&#8221;https:\/\/loboiberico.org\/wp-content\/uploads\/2025\/01\/ACHLI0039.jpg&#8221; bottom_divider_style=&#8221;mountains2&#8243; global_colors_info=&#8221;{%22gcid-a93f2103-1d8b-43bb-b21d-81d84bba8b15%22:%91%22background_color%22%93}&#8221;][et_pb_fullwidth_slider _builder_version=&#8221;4.27.4&#8243; _module_preset=&#8221;default&#8221; global_colors_info=&#8221;{}&#8221;][et_pb_slide _builder_version=&#8221;4.27.4&#8243; _module_preset=&#8221;6f54720d-52c9-457b-8ab6-186d566081da&#8221; background_enable_color=&#8221;off&#8221; background_image=&#8221;https:\/\/loboiberico.org\/wp-content\/uploads\/2025\/01\/ACHLI0031.jpg&#8221; global_colors_info=&#8221;{}&#8221; sticky_transition=&#8221;on&#8221;][\/et_pb_slide][\/et_pb_fullwidth_slider][\/et_pb_section][et_pb_section fb_built=&#8221;1&#8243; admin_label=&#8221;Header&#8221; _builder_version=&#8221;4.22.0&#8243; _module_preset=&#8221;default&#8221; overflow-x=&#8221;hidden&#8221; overflow-y=&#8221;hidden&#8221; collapsed=&#8221;off&#8221; global_colors_info=&#8221;{}&#8221;][et_pb_row make_equal=&#8221;on&#8221; _builder_version=&#8221;4.27.4&#8243; _module_preset=&#8221;default&#8221; max_width=&#8221;100%&#8221; global_colors_info=&#8221;{}&#8221;][et_pb_column type=&#8221;4_4&#8243; _builder_version=&#8221;4.27.4&#8243; _module_preset=&#8221;default&#8221; custom_padding=&#8221;30px|30px|30px|30px|true|true&#8221; border_color_all=&#8221;rgba(0,0,0,0.12)&#8221; global_colors_info=&#8221;{}&#8221;][et_pb_text _builder_version=&#8221;4.27.4&#8243; _module_preset=&#8221;de25a80d-17a9-4dd7-9e5a-ad1cbe48a356&#8243; header_font=&#8221;&#8211;et_global_heading_font|700|||||||&#8221; header_font_size=&#8221;2em&#8221; width=&#8221;100%&#8221; max_width=&#8221;100%&#8221; global_colors_info=&#8221;{}&#8221;]<\/p>\n<h1>Parcerias<\/h1>\n<p>[\/et_pb_text][\/et_pb_column][\/et_pb_row][et_pb_row column_structure=&#8221;1_3,1_3,1_3&#8243; make_equal=&#8221;on&#8221; _builder_version=&#8221;4.27.4&#8243; _module_preset=&#8221;default&#8221; max_width=&#8221;100%&#8221; locked=&#8221;off&#8221; global_colors_info=&#8221;{}&#8221;][et_pb_column type=&#8221;1_3&#8243; _builder_version=&#8221;4.27.4&#8243; _module_preset=&#8221;default&#8221; custom_padding=&#8221;30px|30px|30px|30px|true|true&#8221; border_radii=&#8221;on|30px|30px|30px|30px&#8221; border_width_all=&#8221;2px&#8221; border_color_all=&#8221;rgba(0,0,0,0.12)&#8221; box_shadow_style=&#8221;preset1&#8243; box_shadow_vertical=&#8221;0px&#8221; box_shadow_blur=&#8221;0px&#8221; global_colors_info=&#8221;{}&#8221; box_shadow_vertical__hover_enabled=&#8221;on|hover&#8221; box_shadow_vertical__hover=&#8221;2px&#8221; box_shadow_blur__hover_enabled=&#8221;on|hover&#8221; box_shadow_blur__hover=&#8221;18px&#8221;][et_pb_text _builder_version=&#8221;4.27.4&#8243; _module_preset=&#8221;_initial&#8221; text_font=&#8221;&#8211;et_global_body_font|600|||||||&#8221; text_line_height=&#8221;1.6em&#8221; header_5_text_color=&#8221;gcid-07a028f4-a2d4-4ee3-91d1-c05113363b6b&#8221; locked=&#8221;off&#8221; global_colors_info=&#8221;{%22gcid-07a028f4-a2d4-4ee3-91d1-c05113363b6b%22:%91%22header_5_text_color%22%93}&#8221;]<\/p>\n<h5><span>AGA &#8211; Associa\u00e7\u00e3o Geoparque Arouca<\/span><\/h5>\n<p>[\/et_pb_text][et_pb_text _builder_version=&#8221;4.27.4&#8243; _module_preset=&#8221;_initial&#8221; text_font=&#8221;&#8211;et_global_body_font|600|||||||&#8221; text_line_height=&#8221;1.6em&#8221; header_5_text_color=&#8221;#00656b&#8221; locked=&#8221;off&#8221; global_colors_info=&#8221;{}&#8221;]<\/p>\n<p><span>Protocolo de coopera\u00e7\u00e3o para preserva\u00e7\u00e3o e valoriza\u00e7\u00e3o de espa\u00e7os naturais das \u00e1reas classificadas de Rede Natura 2000 e Arouca Geopark.<\/span><\/p>\n<p>[\/et_pb_text][\/et_pb_column][et_pb_column type=&#8221;1_3&#8243; _builder_version=&#8221;4.22.0&#8243; _module_preset=&#8221;default&#8221; custom_padding=&#8221;30px|30px|30px|30px|true|true&#8221; border_radii=&#8221;on|30px|30px|30px|30px&#8221; border_width_all=&#8221;2px&#8221; border_color_all=&#8221;rgba(0,0,0,0.12)&#8221; box_shadow_style=&#8221;preset1&#8243; box_shadow_vertical=&#8221;0px&#8221; box_shadow_blur=&#8221;0px&#8221; global_colors_info=&#8221;{}&#8221; box_shadow_vertical__hover=&#8221;2px&#8221; box_shadow_vertical__hover_enabled=&#8221;on|hover&#8221; box_shadow_blur__hover=&#8221;18px&#8221; box_shadow_blur__hover_enabled=&#8221;on|hover&#8221;][et_pb_text _builder_version=&#8221;4.27.4&#8243; _module_preset=&#8221;_initial&#8221; text_font=&#8221;&#8211;et_global_body_font|600|||||||&#8221; text_line_height=&#8221;1.6em&#8221; header_5_text_color=&#8221;#00656b&#8221; locked=&#8221;off&#8221; global_colors_info=&#8221;{}&#8221;]<\/p>\n<h5><span>Associa\u00e7\u00e3o de Ca\u00e7adores de Lalim, Lamego<\/span><\/h5>\n<p>[\/et_pb_text][et_pb_text _builder_version=&#8221;4.27.4&#8243; _module_preset=&#8221;_initial&#8221; text_font=&#8221;&#8211;et_global_body_font|600|||||||&#8221; text_line_height=&#8221;1.6em&#8221; header_5_text_color=&#8221;#00656b&#8221; locked=&#8221;off&#8221; global_colors_info=&#8221;{}&#8221;]<\/p>\n<p><span>Reintrodu\u00e7\u00e3o de cor\u00e7o nas Serras da Freita, Arada e Montemuro<\/span><\/p>\n<p>[\/et_pb_text][\/et_pb_column][et_pb_column type=&#8221;1_3&#8243; _builder_version=&#8221;4.24.0&#8243; _module_preset=&#8221;default&#8221; custom_padding=&#8221;30px|30px|30px|30px|true|true&#8221; border_radii=&#8221;on|30px|30px|30px|30px&#8221; border_width_all=&#8221;2px&#8221; border_color_all=&#8221;rgba(0,0,0,0.12)&#8221; box_shadow_style=&#8221;preset1&#8243; box_shadow_vertical=&#8221;0px&#8221; box_shadow_blur=&#8221;0px&#8221; global_colors_info=&#8221;{}&#8221; box_shadow_vertical__hover=&#8221;2px&#8221; box_shadow_vertical__hover_enabled=&#8221;on|hover&#8221; box_shadow_blur__hover=&#8221;18px&#8221; box_shadow_blur__hover_enabled=&#8221;on|hover&#8221;][et_pb_text _builder_version=&#8221;4.27.4&#8243; _module_preset=&#8221;_initial&#8221; text_font=&#8221;&#8211;et_global_body_font|600|||||||&#8221; text_line_height=&#8221;1.6em&#8221; header_5_text_color=&#8221;#00656b&#8221; locked=&#8221;off&#8221; global_colors_info=&#8221;{}&#8221;]<\/p>\n<h5><span>Associa\u00e7\u00e3o Florestal de Entre Douro e Vouga, Arouca<\/span><\/h5>\n<p>[\/et_pb_text][et_pb_text _builder_version=&#8221;4.27.4&#8243; _module_preset=&#8221;_initial&#8221; text_font=&#8221;&#8211;et_global_body_font|600|||||||&#8221; text_line_height=&#8221;1.6em&#8221; header_5_text_color=&#8221;#00656b&#8221; locked=&#8221;off&#8221; global_colors_info=&#8221;{}&#8221;]<\/p>\n<p><span>Gest\u00e3o e manuten\u00e7\u00e3o do viveiro de esp\u00e9cies florestais aut\u00f3ctones das serras da Freita, Arada e Montemuro<\/span><\/p>\n<p>[\/et_pb_text][\/et_pb_column][\/et_pb_row][et_pb_row column_structure=&#8221;1_3,1_3,1_3&#8243; make_equal=&#8221;on&#8221; _builder_version=&#8221;4.24.0&#8243; _module_preset=&#8221;default&#8221; max_width=&#8221;100%&#8221; locked=&#8221;off&#8221; global_colors_info=&#8221;{}&#8221;][et_pb_column type=&#8221;1_3&#8243; _builder_version=&#8221;4.24.0&#8243; _module_preset=&#8221;default&#8221; custom_padding=&#8221;30px|30px|30px|30px|true|true&#8221; border_radii=&#8221;on|30px|30px|30px|30px&#8221; border_width_all=&#8221;2px&#8221; border_color_all=&#8221;rgba(0,0,0,0.12)&#8221; box_shadow_style=&#8221;preset1&#8243; box_shadow_vertical=&#8221;0px&#8221; box_shadow_blur=&#8221;0px&#8221; global_colors_info=&#8221;{}&#8221; box_shadow_vertical__hover=&#8221;2px&#8221; box_shadow_vertical__hover_enabled=&#8221;on|hover&#8221; box_shadow_blur__hover=&#8221;18px&#8221; box_shadow_blur__hover_enabled=&#8221;on|hover&#8221;][et_pb_text _builder_version=&#8221;4.27.4&#8243; _module_preset=&#8221;_initial&#8221; text_font=&#8221;&#8211;et_global_body_font|600|||||||&#8221; text_line_height=&#8221;1.6em&#8221; header_5_text_color=&#8221;#00656b&#8221; locked=&#8221;off&#8221; global_colors_info=&#8221;{}&#8221;]<\/p>\n<h5><span>C\u00e2mara Municipal de Lamego<\/span><\/h5>\n<p>[\/et_pb_text][et_pb_text _builder_version=&#8221;4.27.4&#8243; _module_preset=&#8221;_initial&#8221; text_font=&#8221;&#8211;et_global_body_font|600|||||||&#8221; text_line_height=&#8221;1.6em&#8221; header_5_text_color=&#8221;#00656b&#8221; locked=&#8221;off&#8221; global_colors_info=&#8221;{}&#8221;]<\/p>\n<p><span>Reintrodu\u00e7\u00e3o de cor\u00e7o nas Serras da Freita, Arada e Montemuro<\/span><\/p>\n<p>[\/et_pb_text][\/et_pb_column][et_pb_column type=&#8221;1_3&#8243; _builder_version=&#8221;4.22.0&#8243; _module_preset=&#8221;default&#8221; custom_padding=&#8221;30px|30px|30px|30px|true|true&#8221; border_radii=&#8221;on|30px|30px|30px|30px&#8221; border_width_all=&#8221;2px&#8221; border_color_all=&#8221;rgba(0,0,0,0.12)&#8221; box_shadow_style=&#8221;preset1&#8243; box_shadow_vertical=&#8221;0px&#8221; box_shadow_blur=&#8221;0px&#8221; global_colors_info=&#8221;{}&#8221; box_shadow_vertical__hover=&#8221;2px&#8221; box_shadow_vertical__hover_enabled=&#8221;on|hover&#8221; box_shadow_blur__hover=&#8221;18px&#8221; box_shadow_blur__hover_enabled=&#8221;on|hover&#8221;][et_pb_text _builder_version=&#8221;4.27.4&#8243; _module_preset=&#8221;_initial&#8221; text_font=&#8221;&#8211;et_global_body_font|600|||||||&#8221; text_line_height=&#8221;1.6em&#8221; header_5_text_color=&#8221;#00656b&#8221; locked=&#8221;off&#8221; global_colors_info=&#8221;{}&#8221;]<\/p>\n<h5><span>Centro de Investiga\u00e7\u00e3o em Biodiversidade e Recursos Gen\u00e9ticos &#8211; CIBIO<\/span><\/h5>\n<p>[\/et_pb_text][et_pb_text _builder_version=&#8221;4.27.4&#8243; _module_preset=&#8221;_initial&#8221; text_font=&#8221;&#8211;et_global_body_font|600|||||||&#8221; text_line_height=&#8221;1.6em&#8221; header_5_text_color=&#8221;#00656b&#8221; locked=&#8221;off&#8221; global_colors_info=&#8221;{}&#8221;]<\/p>\n<p><span>Projeto de Investiga\u00e7\u00e3o aplicada \u00e0 Conserva\u00e7\u00e3o do Lobo no Noroeste de Portugal.<\/span><br \/><span>Plano de monitoriza\u00e7\u00e3o do Lobo a Sul do Douro.<\/span><\/p>\n<p>[\/et_pb_text][\/et_pb_column][et_pb_column type=&#8221;1_3&#8243; _builder_version=&#8221;4.24.0&#8243; _module_preset=&#8221;default&#8221; custom_padding=&#8221;30px|30px|30px|30px|true|true&#8221; border_radii=&#8221;on|30px|30px|30px|30px&#8221; border_width_all=&#8221;2px&#8221; border_color_all=&#8221;rgba(0,0,0,0.12)&#8221; box_shadow_style=&#8221;preset1&#8243; box_shadow_vertical=&#8221;0px&#8221; box_shadow_blur=&#8221;0px&#8221; global_colors_info=&#8221;{}&#8221; box_shadow_vertical__hover=&#8221;2px&#8221; box_shadow_vertical__hover_enabled=&#8221;on|hover&#8221; box_shadow_blur__hover=&#8221;18px&#8221; box_shadow_blur__hover_enabled=&#8221;on|hover&#8221;][et_pb_text _builder_version=&#8221;4.27.4&#8243; _module_preset=&#8221;_initial&#8221; text_font=&#8221;&#8211;et_global_body_font|600|||||||&#8221; text_line_height=&#8221;1.6em&#8221; header_5_text_color=&#8221;#00656b&#8221; locked=&#8221;off&#8221; global_colors_info=&#8221;{}&#8221;]<\/p>\n<h5><span>Clube da Ca\u00e7a e Pesca de Moldes &#8211; Arouca<\/span><\/h5>\n<p>[\/et_pb_text][et_pb_text _builder_version=&#8221;4.27.4&#8243; _module_preset=&#8221;_initial&#8221; text_font=&#8221;&#8211;et_global_body_font|600|||||||&#8221; text_line_height=&#8221;1.6em&#8221; header_5_text_color=&#8221;#00656b&#8221; locked=&#8221;off&#8221; global_colors_info=&#8221;{}&#8221;]<\/p>\n<p><span>Cria\u00e7\u00e3o de \u00e1reas sem atividade venat\u00f3ria nas Serras da Freita, Arada e Montemuro<\/span><\/p>\n<p>[\/et_pb_text][\/et_pb_column][\/et_pb_row][et_pb_row column_structure=&#8221;1_3,1_3,1_3&#8243; make_equal=&#8221;on&#8221; _builder_version=&#8221;4.24.0&#8243; _module_preset=&#8221;default&#8221; max_width=&#8221;100%&#8221; locked=&#8221;off&#8221; global_colors_info=&#8221;{}&#8221;][et_pb_column type=&#8221;1_3&#8243; _builder_version=&#8221;4.24.0&#8243; _module_preset=&#8221;default&#8221; custom_padding=&#8221;30px|30px|30px|30px|true|true&#8221; border_radii=&#8221;on|30px|30px|30px|30px&#8221; border_width_all=&#8221;2px&#8221; border_color_all=&#8221;rgba(0,0,0,0.12)&#8221; box_shadow_style=&#8221;preset1&#8243; box_shadow_vertical=&#8221;0px&#8221; box_shadow_blur=&#8221;0px&#8221; global_colors_info=&#8221;{}&#8221; box_shadow_vertical__hover=&#8221;2px&#8221; box_shadow_vertical__hover_enabled=&#8221;on|hover&#8221; box_shadow_blur__hover=&#8221;18px&#8221; box_shadow_blur__hover_enabled=&#8221;on|hover&#8221;][et_pb_text _builder_version=&#8221;4.27.4&#8243; _module_preset=&#8221;_initial&#8221; text_font=&#8221;&#8211;et_global_body_font|600|||||||&#8221; text_line_height=&#8221;1.6em&#8221; header_5_text_color=&#8221;#00656b&#8221; locked=&#8221;off&#8221; global_colors_info=&#8221;{}&#8221;]<\/p>\n<h5><span>Clube de ca\u00e7a e pesca &#8220;Os amigos da C\u00e1rcoda&#8221;, S.Pedro do Sul<\/span><\/h5>\n<p>[\/et_pb_text][et_pb_text _builder_version=&#8221;4.27.4&#8243; _module_preset=&#8221;_initial&#8221; text_font=&#8221;&#8211;et_global_body_font|600|||||||&#8221; text_line_height=&#8221;1.6em&#8221; header_5_text_color=&#8221;#00656b&#8221; locked=&#8221;off&#8221; global_colors_info=&#8221;{}&#8221;]<\/p>\n<p><span>Cria\u00e7\u00e3o de \u00e1reas sem atividade venat\u00f3ria nas Serras da Freita, Arada e Montemuro<\/span><\/p>\n<p>[\/et_pb_text][\/et_pb_column][et_pb_column type=&#8221;1_3&#8243; _builder_version=&#8221;4.22.0&#8243; _module_preset=&#8221;default&#8221; custom_padding=&#8221;30px|30px|30px|30px|true|true&#8221; border_radii=&#8221;on|30px|30px|30px|30px&#8221; border_width_all=&#8221;2px&#8221; border_color_all=&#8221;rgba(0,0,0,0.12)&#8221; box_shadow_style=&#8221;preset1&#8243; box_shadow_vertical=&#8221;0px&#8221; box_shadow_blur=&#8221;0px&#8221; global_colors_info=&#8221;{}&#8221; box_shadow_vertical__hover=&#8221;2px&#8221; box_shadow_vertical__hover_enabled=&#8221;on|hover&#8221; box_shadow_blur__hover=&#8221;18px&#8221; box_shadow_blur__hover_enabled=&#8221;on|hover&#8221;][et_pb_text _builder_version=&#8221;4.27.4&#8243; _module_preset=&#8221;_initial&#8221; text_font=&#8221;&#8211;et_global_body_font|600|||||||&#8221; text_line_height=&#8221;1.6em&#8221; header_5_text_color=&#8221;#00656b&#8221; locked=&#8221;off&#8221; global_colors_info=&#8221;{}&#8221;]<\/p>\n<h5><span>Coelheira &#8211; Associa\u00e7\u00e3o de ca\u00e7adores e agricultores, S.Pedro do Sul<\/span><\/h5>\n<p>[\/et_pb_text][et_pb_text _builder_version=&#8221;4.27.4&#8243; _module_preset=&#8221;_initial&#8221; text_font=&#8221;&#8211;et_global_body_font|600|||||||&#8221; text_line_height=&#8221;1.6em&#8221; header_5_text_color=&#8221;#00656b&#8221; locked=&#8221;off&#8221; global_colors_info=&#8221;{}&#8221;]<\/p>\n<p><span>Cria\u00e7\u00e3o de \u00e1reas sem atividade venat\u00f3ria nas Serras da Freita, Arada e Montemuro<\/span><\/p>\n<p>[\/et_pb_text][\/et_pb_column][et_pb_column type=&#8221;1_3&#8243; _builder_version=&#8221;4.24.0&#8243; _module_preset=&#8221;default&#8221; custom_padding=&#8221;30px|30px|30px|30px|true|true&#8221; border_radii=&#8221;on|30px|30px|30px|30px&#8221; border_width_all=&#8221;2px&#8221; border_color_all=&#8221;rgba(0,0,0,0.12)&#8221; box_shadow_style=&#8221;preset1&#8243; box_shadow_vertical=&#8221;0px&#8221; box_shadow_blur=&#8221;0px&#8221; global_colors_info=&#8221;{}&#8221; box_shadow_vertical__hover=&#8221;2px&#8221; box_shadow_vertical__hover_enabled=&#8221;on|hover&#8221; box_shadow_blur__hover=&#8221;18px&#8221; box_shadow_blur__hover_enabled=&#8221;on|hover&#8221;][et_pb_text _builder_version=&#8221;4.27.4&#8243; _module_preset=&#8221;_initial&#8221; text_font=&#8221;&#8211;et_global_body_font|600|||||||&#8221; text_line_height=&#8221;1.6em&#8221; header_5_text_color=&#8221;#00656b&#8221; locked=&#8221;off&#8221; global_colors_info=&#8221;{}&#8221;]<\/p>\n<h5><span>Comiss\u00e3o diretiva da Paisagem Protegida do Corno de Bico<br \/>\n<\/span><\/h5>\n<p>[\/et_pb_text][et_pb_text _builder_version=&#8221;4.27.4&#8243; _module_preset=&#8221;_initial&#8221; text_font=&#8221;&#8211;et_global_body_font|600|||||||&#8221; text_line_height=&#8221;1.6em&#8221; header_5_text_color=&#8221;#00656b&#8221; locked=&#8221;off&#8221; global_colors_info=&#8221;{}&#8221;]<\/p>\n<p><span>Plano de Interven\u00e7\u00e3o de Castanheira<\/span><\/p>\n<p>[\/et_pb_text][\/et_pb_column][\/et_pb_row][et_pb_row column_structure=&#8221;1_3,1_3,1_3&#8243; make_equal=&#8221;on&#8221; _builder_version=&#8221;4.24.0&#8243; _module_preset=&#8221;default&#8221; max_width=&#8221;100%&#8221; locked=&#8221;off&#8221; global_colors_info=&#8221;{}&#8221;][et_pb_column type=&#8221;1_3&#8243; _builder_version=&#8221;4.24.0&#8243; _module_preset=&#8221;default&#8221; custom_padding=&#8221;30px|30px|30px|30px|true|true&#8221; border_radii=&#8221;on|30px|30px|30px|30px&#8221; border_width_all=&#8221;2px&#8221; border_color_all=&#8221;rgba(0,0,0,0.12)&#8221; box_shadow_style=&#8221;preset1&#8243; box_shadow_vertical=&#8221;0px&#8221; box_shadow_blur=&#8221;0px&#8221; global_colors_info=&#8221;{}&#8221; box_shadow_vertical__hover=&#8221;2px&#8221; box_shadow_vertical__hover_enabled=&#8221;on|hover&#8221; box_shadow_blur__hover=&#8221;18px&#8221; box_shadow_blur__hover_enabled=&#8221;on|hover&#8221;][et_pb_text _builder_version=&#8221;4.27.4&#8243; _module_preset=&#8221;_initial&#8221; text_font=&#8221;&#8211;et_global_body_font|600|||||||&#8221; text_line_height=&#8221;1.6em&#8221; header_5_text_color=&#8221;#00656b&#8221; locked=&#8221;off&#8221; global_colors_info=&#8221;{}&#8221;]<\/p>\n<h5><span>Conselho Diretivo dos Baldios de Abedim, Mon\u00e7\u00e3o<br \/>\n<\/span><\/h5>\n<p>[\/et_pb_text][et_pb_text _builder_version=&#8221;4.27.4&#8243; _module_preset=&#8221;_initial&#8221; text_font=&#8221;&#8211;et_global_body_font|600|||||||&#8221; text_line_height=&#8221;1.6em&#8221; header_5_text_color=&#8221;#00656b&#8221; locked=&#8221;off&#8221; global_colors_info=&#8221;{}&#8221;]<\/p>\n<p><span>Plano de Interven\u00e7\u00e3o Florestal em Abedim<\/span><\/p>\n<p>[\/et_pb_text][\/et_pb_column][et_pb_column type=&#8221;1_3&#8243; _builder_version=&#8221;4.22.0&#8243; _module_preset=&#8221;default&#8221; custom_padding=&#8221;30px|30px|30px|30px|true|true&#8221; border_radii=&#8221;on|30px|30px|30px|30px&#8221; border_width_all=&#8221;2px&#8221; border_color_all=&#8221;rgba(0,0,0,0.12)&#8221; box_shadow_style=&#8221;preset1&#8243; box_shadow_vertical=&#8221;0px&#8221; box_shadow_blur=&#8221;0px&#8221; global_colors_info=&#8221;{}&#8221; box_shadow_vertical__hover=&#8221;2px&#8221; box_shadow_vertical__hover_enabled=&#8221;on|hover&#8221; box_shadow_blur__hover=&#8221;18px&#8221; box_shadow_blur__hover_enabled=&#8221;on|hover&#8221;][et_pb_text _builder_version=&#8221;4.27.4&#8243; _module_preset=&#8221;_initial&#8221; text_font=&#8221;&#8211;et_global_body_font|600|||||||&#8221; text_line_height=&#8221;1.6em&#8221; header_5_text_color=&#8221;#00656b&#8221; locked=&#8221;off&#8221; global_colors_info=&#8221;{}&#8221;]<\/p>\n<h5><span>Conselho Diretivo dos baldios de Albergaria da Serra, Arouca<\/span><\/h5>\n<p>[\/et_pb_text][et_pb_text _builder_version=&#8221;4.27.4&#8243; _module_preset=&#8221;_initial&#8221; text_font=&#8221;&#8211;et_global_body_font|600|||||||&#8221; text_line_height=&#8221;1.6em&#8221; header_5_text_color=&#8221;#00656b&#8221; locked=&#8221;off&#8221; global_colors_info=&#8221;{}&#8221;]<\/p>\n<p><span>Consolida\u00e7\u00e3o da floresta\u00e7\u00e3o no baldio de Albergaria da Serra<\/span><\/p>\n<p>[\/et_pb_text][\/et_pb_column][et_pb_column type=&#8221;1_3&#8243; _builder_version=&#8221;4.24.0&#8243; _module_preset=&#8221;default&#8221; custom_padding=&#8221;30px|30px|30px|30px|true|true&#8221; border_radii=&#8221;on|30px|30px|30px|30px&#8221; border_width_all=&#8221;2px&#8221; border_color_all=&#8221;rgba(0,0,0,0.12)&#8221; box_shadow_style=&#8221;preset1&#8243; box_shadow_vertical=&#8221;0px&#8221; box_shadow_blur=&#8221;0px&#8221; global_colors_info=&#8221;{}&#8221; box_shadow_vertical__hover=&#8221;2px&#8221; box_shadow_vertical__hover_enabled=&#8221;on|hover&#8221; box_shadow_blur__hover=&#8221;18px&#8221; box_shadow_blur__hover_enabled=&#8221;on|hover&#8221;][et_pb_text _builder_version=&#8221;4.27.4&#8243; _module_preset=&#8221;_initial&#8221; text_font=&#8221;&#8211;et_global_body_font|600|||||||&#8221; text_line_height=&#8221;1.6em&#8221; header_5_text_color=&#8221;#00656b&#8221; locked=&#8221;off&#8221; global_colors_info=&#8221;{}&#8221;]<\/p>\n<h5><span>Conselho Diretivo do Baldio de Arga de S. Jo\u00e3o, Caminha<br \/>\n<\/span><\/h5>\n<p>[\/et_pb_text][et_pb_text _builder_version=&#8221;4.27.4&#8243; _module_preset=&#8221;_initial&#8221; text_font=&#8221;&#8211;et_global_body_font|600|||||||&#8221; text_line_height=&#8221;1.6em&#8221; header_5_text_color=&#8221;#00656b&#8221; locked=&#8221;off&#8221; global_colors_info=&#8221;{}&#8221;]<\/p>\n<p><span>Projeto-piloto Gest\u00e3o de plantas invasoras- H\u00e1quea picante<\/span><\/p>\n<p>[\/et_pb_text][\/et_pb_column][\/et_pb_row][et_pb_row column_structure=&#8221;1_3,1_3,1_3&#8243; make_equal=&#8221;on&#8221; _builder_version=&#8221;4.24.0&#8243; _module_preset=&#8221;default&#8221; max_width=&#8221;100%&#8221; locked=&#8221;off&#8221; global_colors_info=&#8221;{}&#8221;][et_pb_column type=&#8221;1_3&#8243; _builder_version=&#8221;4.24.0&#8243; _module_preset=&#8221;default&#8221; custom_padding=&#8221;30px|30px|30px|30px|true|true&#8221; border_radii=&#8221;on|30px|30px|30px|30px&#8221; border_width_all=&#8221;2px&#8221; border_color_all=&#8221;rgba(0,0,0,0.12)&#8221; box_shadow_style=&#8221;preset1&#8243; box_shadow_vertical=&#8221;0px&#8221; box_shadow_blur=&#8221;0px&#8221; global_colors_info=&#8221;{}&#8221; box_shadow_vertical__hover=&#8221;2px&#8221; box_shadow_vertical__hover_enabled=&#8221;on|hover&#8221; box_shadow_blur__hover=&#8221;18px&#8221; box_shadow_blur__hover_enabled=&#8221;on|hover&#8221;][et_pb_text _builder_version=&#8221;4.27.4&#8243; _module_preset=&#8221;_initial&#8221; text_font=&#8221;&#8211;et_global_body_font|600|||||||&#8221; text_line_height=&#8221;1.6em&#8221; header_5_text_color=&#8221;#00656b&#8221; locked=&#8221;off&#8221; global_colors_info=&#8221;{}&#8221;]<\/p>\n<h5><span>Conselho Diretivo dos baldios de Sistelo, Arcos de Valdevez<br \/>\n<\/span><\/h5>\n<p>[\/et_pb_text][et_pb_text _builder_version=&#8221;4.27.4&#8243; _module_preset=&#8221;_initial&#8221; text_font=&#8221;&#8211;et_global_body_font|600|||||||&#8221; text_line_height=&#8221;1.6em&#8221; header_5_text_color=&#8221;#00656b&#8221; locked=&#8221;off&#8221; global_colors_info=&#8221;{}&#8221;]<\/p>\n<p><span>Floresta\u00e7\u00e3o no baldio de Sistelo (pr\u00f3ximo da branda do Bara\u00e7al)<\/span><br \/><span>Plano de Interven\u00e7\u00e3o de Sistelo (Costa do Menjoeiro)<\/span><\/p>\n<p>[\/et_pb_text][\/et_pb_column][et_pb_column type=&#8221;1_3&#8243; _builder_version=&#8221;4.22.0&#8243; _module_preset=&#8221;default&#8221; custom_padding=&#8221;30px|30px|30px|30px|true|true&#8221; border_radii=&#8221;on|30px|30px|30px|30px&#8221; border_width_all=&#8221;2px&#8221; border_color_all=&#8221;rgba(0,0,0,0.12)&#8221; box_shadow_style=&#8221;preset1&#8243; box_shadow_vertical=&#8221;0px&#8221; box_shadow_blur=&#8221;0px&#8221; global_colors_info=&#8221;{}&#8221; box_shadow_vertical__hover=&#8221;2px&#8221; box_shadow_vertical__hover_enabled=&#8221;on|hover&#8221; box_shadow_blur__hover=&#8221;18px&#8221; box_shadow_blur__hover_enabled=&#8221;on|hover&#8221;][et_pb_text _builder_version=&#8221;4.27.4&#8243; _module_preset=&#8221;_initial&#8221; text_font=&#8221;&#8211;et_global_body_font|600|||||||&#8221; text_line_height=&#8221;1.6em&#8221; header_5_text_color=&#8221;#00656b&#8221; locked=&#8221;off&#8221; global_colors_info=&#8221;{}&#8221;]<\/p>\n<h5><span>Conselho Diretivo dos Baldios de Tangil, Mon\u00e7\u00e3o<\/span><\/h5>\n<p>[\/et_pb_text][et_pb_text _builder_version=&#8221;4.27.4&#8243; _module_preset=&#8221;_initial&#8221; text_font=&#8221;&#8211;et_global_body_font|600|||||||&#8221; text_line_height=&#8221;1.6em&#8221; header_5_text_color=&#8221;#00656b&#8221; locked=&#8221;off&#8221; global_colors_info=&#8221;{}&#8221;]<\/p>\n<p><span>Floresta\u00e7\u00e3o no baldio de Tangil (Travass\u00f4)<\/span><br \/><span>Floresta\u00e7\u00e3o no baldio de Tangil (Santo Ant\u00f3nio)<\/span><\/p>\n<p>[\/et_pb_text][\/et_pb_column][et_pb_column type=&#8221;1_3&#8243; _builder_version=&#8221;4.24.0&#8243; _module_preset=&#8221;default&#8221; custom_padding=&#8221;30px|30px|30px|30px|true|true&#8221; border_radii=&#8221;on|30px|30px|30px|30px&#8221; border_width_all=&#8221;2px&#8221; border_color_all=&#8221;rgba(0,0,0,0.12)&#8221; box_shadow_style=&#8221;preset1&#8243; box_shadow_vertical=&#8221;0px&#8221; box_shadow_blur=&#8221;0px&#8221; global_colors_info=&#8221;{}&#8221; box_shadow_vertical__hover=&#8221;2px&#8221; box_shadow_vertical__hover_enabled=&#8221;on|hover&#8221; box_shadow_blur__hover=&#8221;18px&#8221; box_shadow_blur__hover_enabled=&#8221;on|hover&#8221;][et_pb_text _builder_version=&#8221;4.27.4&#8243; _module_preset=&#8221;_initial&#8221; text_font=&#8221;&#8211;et_global_body_font|600|||||||&#8221; text_line_height=&#8221;1.6em&#8221; header_5_text_color=&#8221;#00656b&#8221; locked=&#8221;off&#8221; global_colors_info=&#8221;{}&#8221;]<\/p>\n<h5><span>Conselho Diretivo dos Baldios de Tebilh\u00e3o e Cando, Cabreiros, Arouca<br \/>\n<\/span><\/h5>\n<p>[\/et_pb_text][et_pb_text _builder_version=&#8221;4.27.4&#8243; _module_preset=&#8221;_initial&#8221; text_font=&#8221;&#8211;et_global_body_font|600|||||||&#8221; text_line_height=&#8221;1.6em&#8221; header_5_text_color=&#8221;#00656b&#8221; locked=&#8221;off&#8221; global_colors_info=&#8221;{}&#8221;]<span>Plano de Interven\u00e7\u00e3o Florestal no Vidoeiro<\/span>[\/et_pb_text][\/et_pb_column][\/et_pb_row][et_pb_row column_structure=&#8221;1_3,1_3,1_3&#8243; make_equal=&#8221;on&#8221; _builder_version=&#8221;4.27.4&#8243; _module_preset=&#8221;default&#8221; max_width=&#8221;100%&#8221; locked=&#8221;off&#8221; global_colors_info=&#8221;{}&#8221;][et_pb_column type=&#8221;1_3&#8243; _builder_version=&#8221;4.24.0&#8243; _module_preset=&#8221;default&#8221; custom_padding=&#8221;30px|30px|30px|30px|true|true&#8221; border_radii=&#8221;on|30px|30px|30px|30px&#8221; border_width_all=&#8221;2px&#8221; border_color_all=&#8221;rgba(0,0,0,0.12)&#8221; box_shadow_style=&#8221;preset1&#8243; box_shadow_vertical=&#8221;0px&#8221; box_shadow_blur=&#8221;0px&#8221; global_colors_info=&#8221;{}&#8221; box_shadow_vertical__hover=&#8221;2px&#8221; box_shadow_vertical__hover_enabled=&#8221;on|hover&#8221; box_shadow_blur__hover=&#8221;18px&#8221; box_shadow_blur__hover_enabled=&#8221;on|hover&#8221;][et_pb_text _builder_version=&#8221;4.27.4&#8243; _module_preset=&#8221;_initial&#8221; text_font=&#8221;&#8211;et_global_body_font|600|||||||&#8221; text_line_height=&#8221;1.6em&#8221; header_5_text_color=&#8221;#00656b&#8221; locked=&#8221;off&#8221; global_colors_info=&#8221;{}&#8221;]<\/p>\n<h5><span>Conselho Diretivo dos Baldios Terras de Aquilino Ribeiro, Moimenta da Beira<br \/>\n<\/span><\/h5>\n<p>[\/et_pb_text][et_pb_text _builder_version=&#8221;4.27.4&#8243; _module_preset=&#8221;_initial&#8221; text_font=&#8221;&#8211;et_global_body_font|600|||||||&#8221; text_line_height=&#8221;1.6em&#8221; header_5_text_color=&#8221;#00656b&#8221; locked=&#8221;off&#8221; global_colors_info=&#8221;{}&#8221;]<\/p>\n<p><span>Plano de Interven\u00e7\u00e3o de Peva<\/span><\/p>\n<p>[\/et_pb_text][\/et_pb_column][et_pb_column type=&#8221;1_3&#8243; _builder_version=&#8221;4.24.0&#8243; _module_preset=&#8221;default&#8221; custom_padding=&#8221;30px|30px|30px|30px|true|true&#8221; border_radii=&#8221;on|30px|30px|30px|30px&#8221; border_width_all=&#8221;2px&#8221; border_color_all=&#8221;rgba(0,0,0,0.12)&#8221; box_shadow_style=&#8221;preset1&#8243; box_shadow_vertical=&#8221;0px&#8221; box_shadow_blur=&#8221;0px&#8221; global_colors_info=&#8221;{}&#8221; box_shadow_vertical__hover=&#8221;2px&#8221; box_shadow_vertical__hover_enabled=&#8221;on|hover&#8221; box_shadow_blur__hover=&#8221;18px&#8221; box_shadow_blur__hover_enabled=&#8221;on|hover&#8221;][et_pb_text _builder_version=&#8221;4.27.4&#8243; _module_preset=&#8221;_initial&#8221; text_font=&#8221;&#8211;et_global_body_font|600|||||||&#8221; text_line_height=&#8221;1.6em&#8221; header_5_text_color=&#8221;#00656b&#8221; locked=&#8221;off&#8221; global_colors_info=&#8221;{}&#8221;]<\/p>\n<h5><span>ESRI Portugal<br \/>\n<\/span><\/h5>\n<p>[\/et_pb_text][et_pb_text _builder_version=&#8221;4.27.4&#8243; _module_preset=&#8221;_initial&#8221; text_font=&#8221;&#8211;et_global_body_font|600|||||||&#8221; text_line_height=&#8221;1.6em&#8221; header_5_text_color=&#8221;#00656b&#8221; locked=&#8221;off&#8221; global_colors_info=&#8221;{}&#8221;]<\/p>\n<p><span>Fornecedor do software ArcGis 10<\/span><\/p>\n<p>[\/et_pb_text][\/et_pb_column][et_pb_column type=&#8221;1_3&#8243; _builder_version=&#8221;4.24.0&#8243; _module_preset=&#8221;default&#8221; custom_padding=&#8221;30px|30px|30px|30px|true|true&#8221; border_radii=&#8221;on|30px|30px|30px|30px&#8221; border_width_all=&#8221;2px&#8221; border_color_all=&#8221;rgba(0,0,0,0.12)&#8221; box_shadow_style=&#8221;preset1&#8243; box_shadow_vertical=&#8221;0px&#8221; box_shadow_blur=&#8221;0px&#8221; global_colors_info=&#8221;{}&#8221; box_shadow_vertical__hover=&#8221;2px&#8221; box_shadow_vertical__hover_enabled=&#8221;on|hover&#8221; box_shadow_blur__hover=&#8221;18px&#8221; box_shadow_blur__hover_enabled=&#8221;on|hover&#8221;][et_pb_text _builder_version=&#8221;4.27.4&#8243; _module_preset=&#8221;_initial&#8221; text_font=&#8221;&#8211;et_global_body_font|600|||||||&#8221; text_line_height=&#8221;1.6em&#8221; header_5_text_color=&#8221;#00656b&#8221; locked=&#8221;off&#8221; global_colors_info=&#8221;{}&#8221;]<\/p>\n<h5><span>GEOTA<br \/>\n<\/span><\/h5>\n<p>[\/et_pb_text][et_pb_text _builder_version=&#8221;4.27.4&#8243; _module_preset=&#8221;_initial&#8221; text_font=&#8221;&#8211;et_global_body_font|600|||||||&#8221; text_line_height=&#8221;1.6em&#8221; header_5_text_color=&#8221;#00656b&#8221; locked=&#8221;off&#8221; global_colors_info=&#8221;{}&#8221;]<\/p>\n<p><span>Consolida\u00e7\u00e3o da floresta\u00e7\u00e3o no baldio de Albergaria da Serra<\/span><\/p>\n<p>[\/et_pb_text][\/et_pb_column][\/et_pb_row][et_pb_row column_structure=&#8221;1_3,1_3,1_3&#8243; make_equal=&#8221;on&#8221; _builder_version=&#8221;4.27.4&#8243; _module_preset=&#8221;default&#8221; max_width=&#8221;100%&#8221; locked=&#8221;off&#8221; global_colors_info=&#8221;{}&#8221;][et_pb_column type=&#8221;1_3&#8243; _builder_version=&#8221;4.24.0&#8243; _module_preset=&#8221;default&#8221; custom_padding=&#8221;30px|30px|30px|30px|true|true&#8221; border_radii=&#8221;on|30px|30px|30px|30px&#8221; border_width_all=&#8221;2px&#8221; border_color_all=&#8221;rgba(0,0,0,0.12)&#8221; box_shadow_style=&#8221;preset1&#8243; box_shadow_vertical=&#8221;0px&#8221; box_shadow_blur=&#8221;0px&#8221; global_colors_info=&#8221;{}&#8221; box_shadow_vertical__hover=&#8221;2px&#8221; box_shadow_vertical__hover_enabled=&#8221;on|hover&#8221; box_shadow_blur__hover=&#8221;18px&#8221; box_shadow_blur__hover_enabled=&#8221;on|hover&#8221;][et_pb_text _builder_version=&#8221;4.27.4&#8243; _module_preset=&#8221;_initial&#8221; text_font=&#8221;&#8211;et_global_body_font|600|||||||&#8221; text_line_height=&#8221;1.6em&#8221; header_5_text_color=&#8221;#00656b&#8221; locked=&#8221;off&#8221; global_colors_info=&#8221;{}&#8221;]<\/p>\n<h5><span>Grupo Lobo<br \/>\n<\/span><\/h5>\n<p>[\/et_pb_text][et_pb_text _builder_version=&#8221;4.27.4&#8243; _module_preset=&#8221;_initial&#8221; text_font=&#8221;&#8211;et_global_body_font|600|||||||&#8221; text_line_height=&#8221;1.6em&#8221; header_5_text_color=&#8221;#00656b&#8221; locked=&#8221;off&#8221; global_colors_info=&#8221;{}&#8221;]<\/p>\n<p><span>Programa C\u00e3o de Gado<\/span><\/p>\n<p>[\/et_pb_text][\/et_pb_column][et_pb_column type=&#8221;1_3&#8243; _builder_version=&#8221;4.24.0&#8243; _module_preset=&#8221;default&#8221; custom_padding=&#8221;30px|30px|30px|30px|true|true&#8221; border_radii=&#8221;on|30px|30px|30px|30px&#8221; border_width_all=&#8221;2px&#8221; border_color_all=&#8221;rgba(0,0,0,0.12)&#8221; box_shadow_style=&#8221;preset1&#8243; box_shadow_vertical=&#8221;0px&#8221; box_shadow_blur=&#8221;0px&#8221; global_colors_info=&#8221;{}&#8221; box_shadow_vertical__hover=&#8221;2px&#8221; box_shadow_vertical__hover_enabled=&#8221;on|hover&#8221; box_shadow_blur__hover=&#8221;18px&#8221; box_shadow_blur__hover_enabled=&#8221;on|hover&#8221;][et_pb_text _builder_version=&#8221;4.27.4&#8243; _module_preset=&#8221;_initial&#8221; text_font=&#8221;&#8211;et_global_body_font|600|||||||&#8221; text_line_height=&#8221;1.6em&#8221; header_5_text_color=&#8221;#00656b&#8221; locked=&#8221;off&#8221; global_colors_info=&#8221;{}&#8221;]<\/p>\n<h5><span>ICNF &#8211; Instituto da Conserva\u00e7\u00e3o da Natureza e Florestas<br \/>\n<\/span><\/h5>\n<p>[\/et_pb_text][et_pb_text _builder_version=&#8221;4.27.4&#8243; _module_preset=&#8221;_initial&#8221; text_font=&#8221;&#8211;et_global_body_font|600|||||||&#8221; text_line_height=&#8221;1.6em&#8221; header_5_text_color=&#8221;#00656b&#8221; locked=&#8221;off&#8221; global_colors_info=&#8221;{}&#8221;]<\/p>\n<p>Projeto-piloto &#8211; Gest\u00e3o de Plantas Invasoras &#8211; H\u00e1quea picante, Arga S.Jo\u00e3o, Caminha<br \/>Plano de Interven\u00e7\u00e3o Florestal em Monteiras, Castro Daire<br \/>Consolida\u00e7\u00e3o da floresta\u00e7\u00e3o no baldio de Albergaria da Serra, Arouca<br \/>Reintrodu\u00e7\u00e3o de cor\u00e7o nas Serras da Freita, Arada e Montemuro<\/p>\n<p>[\/et_pb_text][\/et_pb_column][et_pb_column type=&#8221;1_3&#8243; _builder_version=&#8221;4.24.0&#8243; _module_preset=&#8221;default&#8221; custom_padding=&#8221;30px|30px|30px|30px|true|true&#8221; border_radii=&#8221;on|30px|30px|30px|30px&#8221; border_width_all=&#8221;2px&#8221; border_color_all=&#8221;rgba(0,0,0,0.12)&#8221; box_shadow_style=&#8221;preset1&#8243; box_shadow_vertical=&#8221;0px&#8221; box_shadow_blur=&#8221;0px&#8221; global_colors_info=&#8221;{}&#8221; box_shadow_vertical__hover=&#8221;2px&#8221; box_shadow_vertical__hover_enabled=&#8221;on|hover&#8221; box_shadow_blur__hover=&#8221;18px&#8221; box_shadow_blur__hover_enabled=&#8221;on|hover&#8221;][et_pb_text _builder_version=&#8221;4.27.4&#8243; _module_preset=&#8221;_initial&#8221; text_font=&#8221;&#8211;et_global_body_font|600|||||||&#8221; text_line_height=&#8221;1.6em&#8221; header_5_text_color=&#8221;#00656b&#8221; locked=&#8221;off&#8221; global_colors_info=&#8221;{}&#8221;]<\/p>\n<h5><span>Junta de Freguesia de Castanheira, Paredes de Coura<br \/>\n<\/span><\/h5>\n<p>[\/et_pb_text][et_pb_text _builder_version=&#8221;4.27.4&#8243; _module_preset=&#8221;_initial&#8221; text_font=&#8221;&#8211;et_global_body_font|600|||||||&#8221; text_line_height=&#8221;1.6em&#8221; header_5_text_color=&#8221;#00656b&#8221; locked=&#8221;off&#8221; global_colors_info=&#8221;{}&#8221;]<span>Plano de Interven\u00e7\u00e3o de Castanheira<\/span>[\/et_pb_text][\/et_pb_column][\/et_pb_row][et_pb_row column_structure=&#8221;1_3,1_3,1_3&#8243; make_equal=&#8221;on&#8221; _builder_version=&#8221;4.27.4&#8243; _module_preset=&#8221;default&#8221; max_width=&#8221;100%&#8221; locked=&#8221;off&#8221; global_colors_info=&#8221;{}&#8221;][et_pb_column type=&#8221;1_3&#8243; _builder_version=&#8221;4.24.0&#8243; _module_preset=&#8221;default&#8221; custom_padding=&#8221;30px|30px|30px|30px|true|true&#8221; border_radii=&#8221;on|30px|30px|30px|30px&#8221; border_width_all=&#8221;2px&#8221; border_color_all=&#8221;rgba(0,0,0,0.12)&#8221; box_shadow_style=&#8221;preset1&#8243; box_shadow_vertical=&#8221;0px&#8221; box_shadow_blur=&#8221;0px&#8221; global_colors_info=&#8221;{}&#8221; box_shadow_vertical__hover=&#8221;2px&#8221; box_shadow_vertical__hover_enabled=&#8221;on|hover&#8221; box_shadow_blur__hover=&#8221;18px&#8221; box_shadow_blur__hover_enabled=&#8221;on|hover&#8221;][et_pb_text _builder_version=&#8221;4.27.4&#8243; _module_preset=&#8221;_initial&#8221; text_font=&#8221;&#8211;et_global_body_font|600|||||||&#8221; text_line_height=&#8221;1.6em&#8221; header_5_text_color=&#8221;#00656b&#8221; locked=&#8221;off&#8221; global_colors_info=&#8221;{}&#8221;]<\/p>\n<h5><span>Junta de Freguesia de Gave, Melga\u00e7o<br \/>\n<\/span><\/h5>\n<p>[\/et_pb_text][et_pb_text _builder_version=&#8221;4.27.4&#8243; _module_preset=&#8221;_initial&#8221; text_font=&#8221;&#8211;et_global_body_font|600|||||||&#8221; text_line_height=&#8221;1.6em&#8221; header_5_text_color=&#8221;#00656b&#8221; locked=&#8221;off&#8221; global_colors_info=&#8221;{}&#8221;]<\/p>\n<p><span>Plano de Interven\u00e7\u00e3o de Gave<\/span><\/p>\n<p>[\/et_pb_text][\/et_pb_column][et_pb_column type=&#8221;1_3&#8243; _builder_version=&#8221;4.24.0&#8243; _module_preset=&#8221;default&#8221; custom_padding=&#8221;30px|30px|30px|30px|true|true&#8221; border_radii=&#8221;on|30px|30px|30px|30px&#8221; border_width_all=&#8221;2px&#8221; border_color_all=&#8221;rgba(0,0,0,0.12)&#8221; box_shadow_style=&#8221;preset1&#8243; box_shadow_vertical=&#8221;0px&#8221; box_shadow_blur=&#8221;0px&#8221; global_colors_info=&#8221;{}&#8221; box_shadow_vertical__hover=&#8221;2px&#8221; box_shadow_vertical__hover_enabled=&#8221;on|hover&#8221; box_shadow_blur__hover=&#8221;18px&#8221; box_shadow_blur__hover_enabled=&#8221;on|hover&#8221;][et_pb_text _builder_version=&#8221;4.27.4&#8243; _module_preset=&#8221;_initial&#8221; text_font=&#8221;&#8211;et_global_body_font|600|||||||&#8221; text_line_height=&#8221;1.6em&#8221; header_5_text_color=&#8221;#00656b&#8221; locked=&#8221;off&#8221; global_colors_info=&#8221;{}&#8221;]<\/p>\n<h5><span>Junta de Freguesia de Lalim, Lamego<br \/>\n<\/span><\/h5>\n<p>[\/et_pb_text][et_pb_text _builder_version=&#8221;4.27.4&#8243; _module_preset=&#8221;_initial&#8221; text_font=&#8221;&#8211;et_global_body_font|600|||||||&#8221; text_line_height=&#8221;1.6em&#8221; header_5_text_color=&#8221;#00656b&#8221; locked=&#8221;off&#8221; global_colors_info=&#8221;{}&#8221;]<\/p>\n<p><span>Reintrodu\u00e7\u00e3o de cor\u00e7o nas Serras da Freita, Arada e Montemuro<\/span><\/p>\n<p>[\/et_pb_text][\/et_pb_column][et_pb_column type=&#8221;1_3&#8243; _builder_version=&#8221;4.24.0&#8243; _module_preset=&#8221;default&#8221; custom_padding=&#8221;30px|30px|30px|30px|true|true&#8221; border_radii=&#8221;on|30px|30px|30px|30px&#8221; border_width_all=&#8221;2px&#8221; border_color_all=&#8221;rgba(0,0,0,0.12)&#8221; box_shadow_style=&#8221;preset1&#8243; box_shadow_vertical=&#8221;0px&#8221; box_shadow_blur=&#8221;0px&#8221; global_colors_info=&#8221;{}&#8221; box_shadow_vertical__hover=&#8221;2px&#8221; box_shadow_vertical__hover_enabled=&#8221;on|hover&#8221; box_shadow_blur__hover=&#8221;18px&#8221; box_shadow_blur__hover_enabled=&#8221;on|hover&#8221;][et_pb_text _builder_version=&#8221;4.27.4&#8243; _module_preset=&#8221;_initial&#8221; text_font=&#8221;&#8211;et_global_body_font|600|||||||&#8221; text_line_height=&#8221;1.6em&#8221; header_5_text_color=&#8221;#00656b&#8221; locked=&#8221;off&#8221; global_colors_info=&#8221;{}&#8221;]<\/p>\n<h5><span>Junta de Freguesia de Monteiras, Castro Daire<br \/>\n<\/span><\/h5>\n<p>[\/et_pb_text][et_pb_text _builder_version=&#8221;4.27.4&#8243; _module_preset=&#8221;_initial&#8221; text_font=&#8221;&#8211;et_global_body_font|600|||||||&#8221; text_line_height=&#8221;1.6em&#8221; header_5_text_color=&#8221;#00656b&#8221; locked=&#8221;off&#8221; global_colors_info=&#8221;{}&#8221;]<\/p>\n<p><span>Plano de Interven\u00e7\u00e3o Florestal em Monteiras<\/span><\/p>\n<p>[\/et_pb_text][\/et_pb_column][\/et_pb_row][et_pb_row column_structure=&#8221;1_3,1_3,1_3&#8243; make_equal=&#8221;on&#8221; _builder_version=&#8221;4.27.4&#8243; _module_preset=&#8221;default&#8221; max_width=&#8221;100%&#8221; locked=&#8221;off&#8221; global_colors_info=&#8221;{}&#8221;][et_pb_column type=&#8221;1_3&#8243; _builder_version=&#8221;4.24.0&#8243; _module_preset=&#8221;default&#8221; custom_padding=&#8221;30px|30px|30px|30px|true|true&#8221; border_radii=&#8221;on|30px|30px|30px|30px&#8221; border_width_all=&#8221;2px&#8221; border_color_all=&#8221;rgba(0,0,0,0.12)&#8221; box_shadow_style=&#8221;preset1&#8243; box_shadow_vertical=&#8221;0px&#8221; box_shadow_blur=&#8221;0px&#8221; global_colors_info=&#8221;{}&#8221; box_shadow_vertical__hover=&#8221;2px&#8221; box_shadow_vertical__hover_enabled=&#8221;on|hover&#8221; box_shadow_blur__hover=&#8221;18px&#8221; box_shadow_blur__hover_enabled=&#8221;on|hover&#8221;][et_pb_text _builder_version=&#8221;4.27.4&#8243; _module_preset=&#8221;_initial&#8221; text_font=&#8221;&#8211;et_global_body_font|600|||||||&#8221; text_line_height=&#8221;1.6em&#8221; header_5_text_color=&#8221;#00656b&#8221; locked=&#8221;off&#8221; global_colors_info=&#8221;{}&#8221;]<\/p>\n<h5><span>Junta de Freguesia de Sistelo, Arcos de Valdevez<br \/>\n<\/span><\/h5>\n<p>[\/et_pb_text][et_pb_text _builder_version=&#8221;4.27.4&#8243; _module_preset=&#8221;_initial&#8221; text_font=&#8221;&#8211;et_global_body_font|600|||||||&#8221; text_line_height=&#8221;1.6em&#8221; header_5_text_color=&#8221;#00656b&#8221; locked=&#8221;off&#8221; global_colors_info=&#8221;{}&#8221;]<\/p>\n<p><span>Cria\u00e7\u00e3o de \u00e1reas sem atividade venat\u00f3ria no Alto Minho<\/span><\/p>\n<p>[\/et_pb_text][\/et_pb_column][et_pb_column type=&#8221;1_3&#8243; _builder_version=&#8221;4.24.0&#8243; _module_preset=&#8221;default&#8221; custom_padding=&#8221;30px|30px|30px|30px|true|true&#8221; border_radii=&#8221;on|30px|30px|30px|30px&#8221; border_width_all=&#8221;2px&#8221; border_color_all=&#8221;rgba(0,0,0,0.12)&#8221; box_shadow_style=&#8221;preset1&#8243; box_shadow_vertical=&#8221;0px&#8221; box_shadow_blur=&#8221;0px&#8221; global_colors_info=&#8221;{}&#8221; box_shadow_vertical__hover=&#8221;2px&#8221; box_shadow_vertical__hover_enabled=&#8221;on|hover&#8221; box_shadow_blur__hover=&#8221;18px&#8221; box_shadow_blur__hover_enabled=&#8221;on|hover&#8221;][et_pb_text _builder_version=&#8221;4.27.4&#8243; _module_preset=&#8221;_initial&#8221; text_font=&#8221;&#8211;et_global_body_font|600|||||||&#8221; text_line_height=&#8221;1.6em&#8221; header_5_text_color=&#8221;#00656b&#8221; locked=&#8221;off&#8221; global_colors_info=&#8221;{}&#8221;]<\/p>\n<h5><span>Montis &#8211; Associa\u00e7\u00e3o de Conserva\u00e7\u00e3o da Natureza<br \/>\n<\/span><\/h5>\n<p>[\/et_pb_text][et_pb_text _builder_version=&#8221;4.27.4&#8243; _module_preset=&#8221;_initial&#8221; text_font=&#8221;&#8211;et_global_body_font|600|||||||&#8221; text_line_height=&#8221;1.6em&#8221; header_5_text_color=&#8221;#00656b&#8221; locked=&#8221;off&#8221; global_colors_info=&#8221;{}&#8221;]<span>Plano de Gest\u00e3o de Carvalhais, S.Pedro do Sul<br \/>\n<\/span>[\/et_pb_text][\/et_pb_column][et_pb_column type=&#8221;1_3&#8243; _builder_version=&#8221;4.24.0&#8243; _module_preset=&#8221;default&#8221; custom_padding=&#8221;30px|30px|30px|30px|true|true&#8221; border_radii=&#8221;on|30px|30px|30px|30px&#8221; border_width_all=&#8221;2px&#8221; border_color_all=&#8221;rgba(0,0,0,0.12)&#8221; box_shadow_style=&#8221;preset1&#8243; box_shadow_vertical=&#8221;0px&#8221; box_shadow_blur=&#8221;0px&#8221; global_colors_info=&#8221;{}&#8221; box_shadow_vertical__hover=&#8221;2px&#8221; box_shadow_vertical__hover_enabled=&#8221;on|hover&#8221; box_shadow_blur__hover=&#8221;18px&#8221; box_shadow_blur__hover_enabled=&#8221;on|hover&#8221;][et_pb_text _builder_version=&#8221;4.27.4&#8243; _module_preset=&#8221;_initial&#8221; text_font=&#8221;&#8211;et_global_body_font|600|||||||&#8221; text_line_height=&#8221;1.6em&#8221; header_5_text_color=&#8221;#00656b&#8221; locked=&#8221;off&#8221; global_colors_info=&#8221;{}&#8221;]<\/p>\n<h5><span>Universidade de Aveiro<br \/>\n<\/span><\/h5>\n<p>[\/et_pb_text][et_pb_text _builder_version=&#8221;4.27.4&#8243; _module_preset=&#8221;_initial&#8221; text_font=&#8221;&#8211;et_global_body_font|600|||||||&#8221; text_line_height=&#8221;1.6em&#8221; header_5_text_color=&#8221;#00656b&#8221; locked=&#8221;off&#8221; global_colors_info=&#8221;{}&#8221;]<span>Reintrodu\u00e7\u00e3o de cor\u00e7o nas Serras da Freita, Arada e Montemuro<br \/>\nPlano de monitoriza\u00e7\u00e3o do Lobo a Sul do Douro<\/span>[\/et_pb_text][\/et_pb_column][\/et_pb_row][et_pb_row column_structure=&#8221;1_3,1_3,1_3&#8243; make_equal=&#8221;on&#8221; _builder_version=&#8221;4.27.4&#8243; _module_preset=&#8221;default&#8221; max_width=&#8221;100%&#8221; locked=&#8221;off&#8221; global_colors_info=&#8221;{}&#8221;][et_pb_column type=&#8221;1_3&#8243; _builder_version=&#8221;4.24.0&#8243; _module_preset=&#8221;default&#8221; custom_padding=&#8221;30px|30px|30px|30px|true|true&#8221; border_radii=&#8221;on|30px|30px|30px|30px&#8221; border_width_all=&#8221;2px&#8221; border_color_all=&#8221;rgba(0,0,0,0.12)&#8221; box_shadow_style=&#8221;preset1&#8243; box_shadow_vertical=&#8221;0px&#8221; box_shadow_blur=&#8221;0px&#8221; global_colors_info=&#8221;{}&#8221; box_shadow_vertical__hover=&#8221;2px&#8221; box_shadow_vertical__hover_enabled=&#8221;on|hover&#8221; box_shadow_blur__hover=&#8221;18px&#8221; box_shadow_blur__hover_enabled=&#8221;on|hover&#8221;][et_pb_text _builder_version=&#8221;4.27.4&#8243; _module_preset=&#8221;_initial&#8221; text_font=&#8221;&#8211;et_global_body_font|600|||||||&#8221; text_line_height=&#8221;1.6em&#8221; header_5_text_color=&#8221;#00656b&#8221; locked=&#8221;off&#8221; global_colors_info=&#8221;{}&#8221;]<\/p>\n<h5><span>Universidade de Tr\u00e1s-os-Montes e Alto Douro<br \/>\n<\/span><\/h5>\n<p>[\/et_pb_text][et_pb_text _builder_version=&#8221;4.27.4&#8243; _module_preset=&#8221;_initial&#8221; text_font=&#8221;&#8211;et_global_body_font|600|||||||&#8221; text_line_height=&#8221;1.6em&#8221; header_5_text_color=&#8221;#00656b&#8221; locked=&#8221;off&#8221; global_colors_info=&#8221;{}&#8221;]<\/p>\n<p><span>Reintrodu\u00e7\u00e3o de cor\u00e7o nas Serras da Freita, Arada e Montemuro<\/span><\/p>\n<p>[\/et_pb_text][\/et_pb_column][et_pb_column type=&#8221;1_3&#8243; _builder_version=&#8221;4.24.0&#8243; _module_preset=&#8221;default&#8221; custom_padding=&#8221;30px|30px|30px|30px|true|true&#8221; border_radii=&#8221;on|30px|30px|30px|30px&#8221; border_width_all=&#8221;2px&#8221; border_color_all=&#8221;rgba(0,0,0,0.12)&#8221; box_shadow_style=&#8221;preset1&#8243; box_shadow_vertical=&#8221;0px&#8221; box_shadow_blur=&#8221;0px&#8221; global_colors_info=&#8221;{}&#8221; box_shadow_vertical__hover=&#8221;2px&#8221; box_shadow_vertical__hover_enabled=&#8221;on|hover&#8221; box_shadow_blur__hover=&#8221;18px&#8221; box_shadow_blur__hover_enabled=&#8221;on|hover&#8221;][et_pb_text _builder_version=&#8221;4.27.4&#8243; _module_preset=&#8221;_initial&#8221; text_font=&#8221;&#8211;et_global_body_font|600|||||||&#8221; text_line_height=&#8221;1.6em&#8221; header_5_text_color=&#8221;#00656b&#8221; locked=&#8221;off&#8221; global_colors_info=&#8221;{}&#8221;]<\/p>\n<h5><span>Veranda da Aveleira &#8211; Aldeia tur\u00edstica &#8211; Associa\u00e7\u00e3o de Promotores Tur\u00edsticos &#8211; Gave, Melga\u00e7o<br \/>\n<\/span><\/h5>\n<p>[\/et_pb_text][et_pb_text _builder_version=&#8221;4.27.4&#8243; _module_preset=&#8221;_initial&#8221; text_font=&#8221;&#8211;et_global_body_font|600|||||||&#8221; text_line_height=&#8221;1.6em&#8221; header_5_text_color=&#8221;#00656b&#8221; locked=&#8221;off&#8221; global_colors_info=&#8221;{}&#8221;]<span>Cria\u00e7\u00e3o de \u00e1reas sem atividade venat\u00f3ria no Alto Minho<br \/>\n<\/span>[\/et_pb_text][\/et_pb_column][et_pb_column type=&#8221;1_3&#8243; _builder_version=&#8221;4.27.4&#8243; _module_preset=&#8221;default&#8221; custom_padding=&#8221;30px|30px|30px|30px|true|true&#8221; border_color_all=&#8221;rgba(0,0,0,0.12)&#8221; global_colors_info=&#8221;{}&#8221;][\/et_pb_column][\/et_pb_row][\/et_pb_section]<\/p>\n","protected":false},"excerpt":{"rendered":"<p>ParceriasAGA &#8211; Associa\u00e7\u00e3o Geoparque AroucaProtocolo de coopera\u00e7\u00e3o para preserva\u00e7\u00e3o e valoriza\u00e7\u00e3o de espa\u00e7os naturais das \u00e1reas classificadas de Rede Natura 2000 e Arouca Geopark.Associa\u00e7\u00e3o de Ca\u00e7adores de Lalim, LamegoReintrodu\u00e7\u00e3o de cor\u00e7o nas Serras da Freita, Arada e MontemuroAssocia\u00e7\u00e3o Florestal de Entre Douro e Vouga, AroucaGest\u00e3o e manuten\u00e7\u00e3o do viveiro de esp\u00e9cies florestais aut\u00f3ctones das serras [&hellip;]<\/p>\n","protected":false},"author":1,"featured_media":0,"parent":0,"menu_order":0,"comment_status":"closed","ping_status":"closed","template":"","meta":{"_et_pb_use_builder":"on","_et_pb_old_content":"<!-- wp:divi\/placeholder \/-->","_et_gb_content_width":"","footnotes":""},"class_list":["post-118","page","type-page","status-publish","hentry"],"_links":{"self":[{"href":"https:\/\/loboiberico.org\/pt\/wp-json\/wp\/v2\/pages\/118","targetHints":{"allow":["GET"]}}],"collection":[{"href":"https:\/\/loboiberico.org\/pt\/wp-json\/wp\/v2\/pages"}],"about":[{"href":"https:\/\/loboiberico.org\/pt\/wp-json\/wp\/v2\/types\/page"}],"author":[{"embeddable":true,"href":"https:\/\/loboiberico.org\/pt\/wp-json\/wp\/v2\/users\/1"}],"replies":[{"embeddable":true,"href":"https:\/\/loboiberico.org\/pt\/wp-json\/wp\/v2\/comments?post=118"}],"version-history":[{"count":10,"href":"https:\/\/loboiberico.org\/pt\/wp-json\/wp\/v2\/pages\/118\/revisions"}],"predecessor-version":[{"id":459,"href":"https:\/\/loboiberico.org\/pt\/wp-json\/wp\/v2\/pages\/118\/revisions\/459"}],"wp:attachment":[{"href":"https:\/\/loboiberico.org\/pt\/wp-json\/wp\/v2\/media?parent=118"}],"curies":[{"name":"wp","href":"https:\/\/api.w.org\/{rel}","templated":true}]}}